{"id":527,"date":"2025-01-20T16:15:56","date_gmt":"2025-01-20T15:15:56","guid":{"rendered":"https:\/\/forains.mairie-amberieuenbugey.fr\/?page_id=527"},"modified":"2025-08-25T16:56:48","modified_gmt":"2025-08-25T14:56:48","slug":"rgpd","status":"publish","type":"page","link":"https:\/\/forains.mairie-amberieuenbugey.fr\/index.php\/rgpd\/","title":{"rendered":"RGPD"},"content":{"rendered":"\t\t<div data-elementor-type=\"wp-page\" data-elementor-id=\"527\" class=\"elementor elementor-527\">\n\t\t\t\t\t\t<section class=\"elementor-section elementor-top-section elementor-element elementor-element-7462b4e elementor-section-boxed elementor-section-height-default elementor-section-height-default\" data-id=\"7462b4e\" data-element_type=\"section\">\n\t\t\t\t\t\t<div class=\"elementor-container elementor-column-gap-default\">\n\t\t\t\t\t<div class=\"elementor-column elementor-col-100 elementor-top-column elementor-element elementor-element-84cbe7e\" data-id=\"84cbe7e\" data-element_type=\"column\">\n\t\t\t<div class=\"elementor-widget-wrap elementor-element-populated\">\n\t\t\t\t\t\t<div class=\"elementor-element elementor-element-7930281 elementor-widget elementor-widget-accordion\" data-id=\"7930281\" data-element_type=\"widget\" data-widget_type=\"accordion.default\">\n\t\t\t\t<div class=\"elementor-widget-container\">\n\t\t\t\t\t\t\t<div class=\"elementor-accordion\">\n\t\t\t\t\t\t\t<div class=\"elementor-accordion-item\">\n\t\t\t\t\t<div id=\"elementor-tab-title-1271\" class=\"elementor-tab-title\" data-tab=\"1\" role=\"button\" aria-controls=\"elementor-tab-content-1271\" aria-expanded=\"false\">\n\t\t\t\t\t\t\t\t\t\t\t\t\t<span class=\"elementor-accordion-icon elementor-accordion-icon-left\" aria-hidden=\"true\">\n\t\t\t\t\t\t\t\t\t\t\t\t\t\t\t<span class=\"elementor-accordion-icon-closed\"><i class=\"fas fa-plus\"><\/i><\/span>\n\t\t\t\t\t\t\t\t<span class=\"elementor-accordion-icon-opened\"><i class=\"fas fa-minus\"><\/i><\/span>\n\t\t\t\t\t\t\t\t\t\t\t\t\t\t<\/span>\n\t\t\t\t\t\t\t\t\t\t\t\t<a class=\"elementor-accordion-title\" tabindex=\"0\">Qui est responsable du traitement de vos donn\u00e9es personnelles ?<\/a>\n\t\t\t\t\t<\/div>\n\t\t\t\t\t<div id=\"elementor-tab-content-1271\" class=\"elementor-tab-content elementor-clearfix\" data-tab=\"1\" role=\"region\" aria-labelledby=\"elementor-tab-title-1271\"><p>Vos donn\u00e9es personnelles sont trait\u00e9es par la commune d&rsquo;Amb\u00e9rieu-en-Bugey en qualit\u00e9 de responsables de traitement.<\/p><p>Le D\u00e9l\u00e9gu\u00e9 \u00e0 la protection des donn\u00e9es est joignable \u00e0 l&rsquo;adresse suivante : <a style=\"font-family: Arial, sans-serif; font-weight: normal; color: blue;\" href=\"mailto:dpo@mairie-amberieuenbugey.fr\">dpo@ville-amberieu.fr<\/a><\/p><\/div>\n\t\t\t\t<\/div>\n\t\t\t\t\t\t\t<div class=\"elementor-accordion-item\">\n\t\t\t\t\t<div id=\"elementor-tab-title-1272\" class=\"elementor-tab-title\" data-tab=\"2\" role=\"button\" aria-controls=\"elementor-tab-content-1272\" aria-expanded=\"false\">\n\t\t\t\t\t\t\t\t\t\t\t\t\t<span class=\"elementor-accordion-icon elementor-accordion-icon-left\" aria-hidden=\"true\">\n\t\t\t\t\t\t\t\t\t\t\t\t\t\t\t<span class=\"elementor-accordion-icon-closed\"><i class=\"fas fa-plus\"><\/i><\/span>\n\t\t\t\t\t\t\t\t<span class=\"elementor-accordion-icon-opened\"><i class=\"fas fa-minus\"><\/i><\/span>\n\t\t\t\t\t\t\t\t\t\t\t\t\t\t<\/span>\n\t\t\t\t\t\t\t\t\t\t\t\t<a class=\"elementor-accordion-title\" tabindex=\"0\">Pourquoi vos donn\u00e9es personnelles sont-elles utilis\u00e9es ?<\/a>\n\t\t\t\t\t<\/div>\n\t\t\t\t\t<div id=\"elementor-tab-content-1272\" class=\"elementor-tab-content elementor-clearfix\" data-tab=\"2\" role=\"region\" aria-labelledby=\"elementor-tab-title-1272\"><p>Nous collectons vos donn\u00e9es personnelles lorsque vous remplissez le formulaire d&rsquo;Inscription<span style=\"font-family: Arial, sans-serif; font-size: 14px; font-weight: normal;\">.<br \/><\/span><\/p><p>Nous utilisons vos donn\u00e9es personnelles afin de pouvoir d\u00e9livrer votre :<\/p><ul><li><p>Facture trimestrielle concernant tous les abonn\u00e9s occupant un droit de place sur la place du Champ de Mars.<\/p><\/li><li><p>Fiche de renouvellement qui vous sera envoy\u00e9e une fois par an dans le courant du mois de janvier.<\/p><\/li><li><p>Facturette en tant que passager.<\/p><\/li><\/ul><p>Nous nous engageons \u00e0 collecter uniquement les donn\u00e9es personnelles qui sont n\u00e9cessaires pour l&rsquo;\u00e9tablissement de ces documents.<\/p><p>\u00c0 ce titre, le caract\u00e8re obligatoire des r\u00e9ponses est indiqu\u00e9 dans les formulaires de collecte par une \u00e9toile. Elles sont n\u00e9cessaires pour r\u00e9pondre \u00e0 votre demande, ou pour respecter nos obligations l\u00e9gales ou r\u00e8glementaires.<\/p><p>Si vous ne souhaitez pas fournir les donn\u00e9es obligatoires, nous vous invitons \u00e0\u00a0 prendre rendez-vous avec la <b>Direction Animation et Vie de la Cit\u00e9 \u2013 04 74 38 23 85<\/b>.<\/p><\/div>\n\t\t\t\t<\/div>\n\t\t\t\t\t\t\t<div class=\"elementor-accordion-item\">\n\t\t\t\t\t<div id=\"elementor-tab-title-1273\" class=\"elementor-tab-title\" data-tab=\"3\" role=\"button\" aria-controls=\"elementor-tab-content-1273\" aria-expanded=\"false\">\n\t\t\t\t\t\t\t\t\t\t\t\t\t<span class=\"elementor-accordion-icon elementor-accordion-icon-left\" aria-hidden=\"true\">\n\t\t\t\t\t\t\t\t\t\t\t\t\t\t\t<span class=\"elementor-accordion-icon-closed\"><i class=\"fas fa-plus\"><\/i><\/span>\n\t\t\t\t\t\t\t\t<span class=\"elementor-accordion-icon-opened\"><i class=\"fas fa-minus\"><\/i><\/span>\n\t\t\t\t\t\t\t\t\t\t\t\t\t\t<\/span>\n\t\t\t\t\t\t\t\t\t\t\t\t<a class=\"elementor-accordion-title\" tabindex=\"0\">Combien de temps sont conserv\u00e9es vos donn\u00e9es ?<\/a>\n\t\t\t\t\t<\/div>\n\t\t\t\t\t<div id=\"elementor-tab-content-1273\" class=\"elementor-tab-content elementor-clearfix\" data-tab=\"3\" role=\"region\" aria-labelledby=\"elementor-tab-title-1273\"><p>Conform\u00e9ment \u00e0 la r\u00e9glementation, nous nous engageons \u00e0 ne conserver vos donn\u00e9es personnelles que pour la dur\u00e9e n\u00e9cessaire \u00e0 l&rsquo;instruction de votre demande ou de votre abonnement.<\/p><p>Les dur\u00e9es de conservation varient selon le type de donn\u00e9es :<\/p><ul><li><p>L&rsquo;ensemble des informations et des documents demand\u00e9es en pi\u00e8ces jointes seront conserv\u00e9es pendant une dur\u00e9e de 1 an.<\/p><\/li><\/ul><\/div>\n\t\t\t\t<\/div>\n\t\t\t\t\t\t\t<div class=\"elementor-accordion-item\">\n\t\t\t\t\t<div id=\"elementor-tab-title-1274\" class=\"elementor-tab-title\" data-tab=\"4\" role=\"button\" aria-controls=\"elementor-tab-content-1274\" aria-expanded=\"false\">\n\t\t\t\t\t\t\t\t\t\t\t\t\t<span class=\"elementor-accordion-icon elementor-accordion-icon-left\" aria-hidden=\"true\">\n\t\t\t\t\t\t\t\t\t\t\t\t\t\t\t<span class=\"elementor-accordion-icon-closed\"><i class=\"fas fa-plus\"><\/i><\/span>\n\t\t\t\t\t\t\t\t<span class=\"elementor-accordion-icon-opened\"><i class=\"fas fa-minus\"><\/i><\/span>\n\t\t\t\t\t\t\t\t\t\t\t\t\t\t<\/span>\n\t\t\t\t\t\t\t\t\t\t\t\t<a class=\"elementor-accordion-title\" tabindex=\"0\">Qui a acc\u00e8s \u00e0 vos donn\u00e9es ?<\/a>\n\t\t\t\t\t<\/div>\n\t\t\t\t\t<div id=\"elementor-tab-content-1274\" class=\"elementor-tab-content elementor-clearfix\" data-tab=\"4\" role=\"region\" aria-labelledby=\"elementor-tab-title-1274\"><p><span style=\"font-family: Arial, sans-serif; font-size: 14px; font-weight: normal;\">En tant qu&rsquo;administration, nous sommes dans l&rsquo;obligation d&rsquo;h\u00e9berger vos donn\u00e9es sur des serveurs situ\u00e9s sur le territoire fran\u00e7ais. Dans ce sens notre h\u00e9bergeur s&rsquo;engage \u00e0 stocker ces informations, et ces sauvegardes \u00e9ventuelles, dans des datacenters situ\u00e9s en France.<\/span><\/p><\/div>\n\t\t\t\t<\/div>\n\t\t\t\t\t\t\t<div class=\"elementor-accordion-item\">\n\t\t\t\t\t<div id=\"elementor-tab-title-1275\" class=\"elementor-tab-title\" data-tab=\"5\" role=\"button\" aria-controls=\"elementor-tab-content-1275\" aria-expanded=\"false\">\n\t\t\t\t\t\t\t\t\t\t\t\t\t<span class=\"elementor-accordion-icon elementor-accordion-icon-left\" aria-hidden=\"true\">\n\t\t\t\t\t\t\t\t\t\t\t\t\t\t\t<span class=\"elementor-accordion-icon-closed\"><i class=\"fas fa-plus\"><\/i><\/span>\n\t\t\t\t\t\t\t\t<span class=\"elementor-accordion-icon-opened\"><i class=\"fas fa-minus\"><\/i><\/span>\n\t\t\t\t\t\t\t\t\t\t\t\t\t\t<\/span>\n\t\t\t\t\t\t\t\t\t\t\t\t<a class=\"elementor-accordion-title\" tabindex=\"0\">Vos droits<\/a>\n\t\t\t\t\t<\/div>\n\t\t\t\t\t<div id=\"elementor-tab-content-1275\" class=\"elementor-tab-content elementor-clearfix\" data-tab=\"5\" role=\"region\" aria-labelledby=\"elementor-tab-title-1275\"><p>Vous b\u00e9n\u00e9ficiez de plusieurs droits concernant le traitement de vos donn\u00e9es personnelles :<\/p><ul><li><p>Un droit d&rsquo;<b>acc\u00e8s<\/b> \u00e0 vos donn\u00e9es personnelles, c\u2019est-\u00e0-dire le droit d\u2019en recevoir une copie,<\/p><\/li><li><p>Un droit de <b>rectification<\/b>, si vos donn\u00e9es s\u2019av\u00e9raient erron\u00e9es ou p\u00e9rim\u00e9es, ce qui nous permettra de nous conformer \u00e0 notre obligation d\u2019avoir des donn\u00e9es \u00e0 jour vous concernant,<\/p><\/li><li><p>Un droit \u00e0 l\u2019<b>effacement<\/b> (ou droit \u00e0 l\u2019oubli) de vos donn\u00e9es personnelles, lequel peut \u00eatre limit\u00e9 au regard de nos obligations contractuelles ou l\u00e9gales,<\/p><\/li><li><p>Un droit \u00e0 la <b>portabilit\u00e9<\/b> de vos donn\u00e9es, c\u2019est-\u00e0-dire le droit de recevoir les donn\u00e9es personnelles que nous vous avez fournies, dans un format informatique structur\u00e9, couramment utilis\u00e9, et de les transmettre \u00e0 tout autre responsable de traitement,<\/p><\/li><li><p>Un droit d\u2019<b>opposition<\/b>, sous r\u00e9serve de justifier de raisons tenant \u00e0 votre situation particuli\u00e8re \u00e0 l&rsquo;exception dans le cadre d&rsquo;un enregistrement de votre appel, et du droit de demander la <b>limitation<\/b> du traitement de vos donn\u00e9es personnelles, dans certains cas pr\u00e9vus par la r\u00e8glementation,<\/p><\/li><li><p>Un droit <b>d\u2019opposition \u00e0 toute prospection commerciale<\/b> (notamment au profilage quand il est utilis\u00e9),<\/p><\/li><li><p>Un droit de <b>retirer votre consentement<\/b> \u00e0 tout moment, pour les finalit\u00e9s pour lesquelles nous avons collect\u00e9 votre consentement.<\/p><\/li><\/ul><p>Vous avez \u00e9galement la possibilit\u00e9 de d\u00e9finir des directives soit g\u00e9n\u00e9rales, soit particuli\u00e8res, \u00e0 l\u2019\u00e9gard de certains traitements, pour la conservation, l\u2019effacement et la communication de vos Donn\u00e9es personnelles en cas de d\u00e9c\u00e8s. Vous pouvez modifier ou supprimer ces directives \u00e0 tout moment. Vous pouvez nous faire part de ces directives particuli\u00e8res, en \u00e9crivant \u00e0 l\u2019adresse ci-dessus mentionn\u00e9e.<\/p><p>Pour exercer n\u2019importe lequel de vos droits, vous pouvez nous contacter, en justifiant de votre identit\u00e9, par email \u00e0 l\u2019adresse <a style=\"font-family: Arial, sans-serif; font-weight: normal; color: blue;\" href=\"mailto:dpo@mairie-amberieuenbugey.fr\">dpo@mairie-amberieuenbugey.fr<\/a> ou par courrier postal \u00e0 l\u2019adresse\u00a0Mairie Amb\u00e9rieu-en-Bugey \u2013 D\u00e9l\u00e9gu\u00e9 \u00e0 la protection des donn\u00e9es, Place Robert Marcelpoil 01500 Amb\u00e9rieu-en-Bugey.<\/p><p>Enfin, vous disposez du droit d\u2019introduire une r\u00e9clamation aupr\u00e8s de la CNIL au sujet du traitement de vos donn\u00e9es personnelles. Nous vous encourageons \u00e0 prendre contact avec nous avant toute r\u00e9clamation, pour que nous essayions de r\u00e9soudre votre probl\u00e8me ensemble.<\/p><\/div>\n\t\t\t\t<\/div>\n\t\t\t\t\t\t\t\t<\/div>\n\t\t\t\t\t\t<\/div>\n\t\t\t\t<\/div>\n\t\t\t\t\t<\/div>\n\t\t<\/div>\n\t\t\t\t\t<\/div>\n\t\t<\/section>\n\t\t\t\t<\/div>\n\t\t","protected":false},"excerpt":{"rendered":"<p>Qui est responsable du traitement de vos donn\u00e9es personnelles ? Vos donn\u00e9es personnelles sont trait\u00e9es par la commune d&rsquo;Amb\u00e9rieu-en-Bugey en qualit\u00e9 de responsables de traitement. Le D\u00e9l\u00e9gu\u00e9 \u00e0 la protection des donn\u00e9es est joignable \u00e0 l&rsquo;adresse suivante : dpo@ville-amberieu.fr Pourquoi vos donn\u00e9es personnelles sont-elles utilis\u00e9es ? Nous collectons vos donn\u00e9es personnelles lorsque vous remplissez le &hellip; <a href=\"https:\/\/forains.mairie-amberieuenbugey.fr\/index.php\/rgpd\/\" class=\"more-link\">Continuer la lecture de <span class=\"screen-reader-text\">RGPD<\/span><\/a><\/p>\n","protected":false},"author":1,"featured_media":0,"parent":0,"menu_order":0,"comment_status":"closed","ping_status":"closed","template":"","meta":{"footnotes":""},"class_list":["post-527","page","type-page","status-publish","hentry"],"_links":{"self":[{"href":"https:\/\/forains.mairie-amberieuenbugey.fr\/index.php\/wp-json\/wp\/v2\/pages\/527","targetHints":{"allow":["GET"]}}],"collection":[{"href":"https:\/\/forains.mairie-amberieuenbugey.fr\/index.php\/wp-json\/wp\/v2\/pages"}],"about":[{"href":"https:\/\/forains.mairie-amberieuenbugey.fr\/index.php\/wp-json\/wp\/v2\/types\/page"}],"author":[{"embeddable":true,"href":"https:\/\/forains.mairie-amberieuenbugey.fr\/index.php\/wp-json\/wp\/v2\/users\/1"}],"replies":[{"embeddable":true,"href":"https:\/\/forains.mairie-amberieuenbugey.fr\/index.php\/wp-json\/wp\/v2\/comments?post=527"}],"version-history":[{"count":25,"href":"https:\/\/forains.mairie-amberieuenbugey.fr\/index.php\/wp-json\/wp\/v2\/pages\/527\/revisions"}],"predecessor-version":[{"id":560,"href":"https:\/\/forains.mairie-amberieuenbugey.fr\/index.php\/wp-json\/wp\/v2\/pages\/527\/revisions\/560"}],"wp:attachment":[{"href":"https:\/\/forains.mairie-amberieuenbugey.fr\/index.php\/wp-json\/wp\/v2\/media?parent=527"}],"curies":[{"name":"wp","href":"https:\/\/api.w.org\/{rel}","templated":true}]}}